{"id":224181,"date":"2026-02-18T08:55:47","date_gmt":"2026-02-18T08:55:47","guid":{"rendered":"https:\/\/www.school-of-present-time.com\/?page_id=224181"},"modified":"2026-02-18T09:04:30","modified_gmt":"2026-02-18T09:04:30","slug":"dragonflycayla","status":"publish","type":"page","link":"https:\/\/www.school-of-present-time.com\/fr\/dragonflycayla\/","title":{"rendered":"DRAGONFLYCAYLA"},"content":{"rendered":"<div class=\"et_pb_section_0 et_pb_section et_section_regular et_block_section section_has_divider et_pb_bottom_divider preset--module--divi-section--74c69059-8e69-4122-b1e6-dfeabf6c5711\">\n<div class=\"et_pb_row_0 et_pb_row et_block_row preset--module--divi-row--5138c454-be54-4233-bd3b-f8e6a8747976\">\n<div class=\"et_pb_column_0 et_pb_column et_pb_column_1_2 et_block_column et_pb_css_mix_blend_mode_passthrough preset--module--divi-column--73121f80-a3ef-4484-8763-c3f18e3c56d2\">\n<div class=\"et_pb_heading_0 et_pb_heading et_pb_module et_block_module preset--module--divi-heading--f0c675ea-2574-4d0e-b725-30f8550a8550\"><div class=\"et_pb_heading_container\"><h4 class=\"et_pb_module_header\">Un voyage vers la transformation int\u00e9rieure<\/h4><\/div><\/div>\n\n<div class=\"et_pb_heading_1 et_pb_heading et_pb_module et_block_module preset--module--divi-heading--ddeb8c09-9078-4424-bc15-2efb6572e28e\"><div class=\"et_pb_heading_container\"><h1 class=\"et_pb_module_header\">About Dragonfly Cayla<\/h1><\/div><\/div>\n\n<div class=\"et_pb_text_0 et_pb_text et_pb_bg_layout_light et_pb_module et_block_module preset--module--divi-text--0504de1e-f5ff-4281-ba60-cbbe4edf98bc\"><div class=\"et_pb_text_inner\"><p>Engagez-vous sur un chemin transformateur qui harmonise le corps, l'esprit et l'\u00e2me, vous guidant vers une vie de pr\u00e9sence et de clart\u00e9.<\/p>\n<\/div><\/div>\n<\/div>\n\n<div class=\"et_pb_column_1 et_pb_column et_pb_column_1_2 et-last-child et_block_column et_pb_css_mix_blend_mode_passthrough preset--module--divi-column--73121f80-a3ef-4484-8763-c3f18e3c56d2\">\n<div class=\"et_pb_image_0 et_pb_image et_pb_module et_block_module preset--module--divi-image--1cc6152f-565c-4c4d-b0c9-cf8c9576c341\"><span class=\"et_pb_image_wrap\"><img loading=\"lazy\" decoding=\"async\" src=\"https:\/\/www.school-of-present-time.com\/wp-content\/uploads\/2025\/12\/IMG_2526-scaled-1.jpg\" title=\"IMG_2526-scaled-1\" width=\"2560\" height=\"1920\" srcset=\"https:\/\/www.school-of-present-time.com\/wp-content\/uploads\/2025\/12\/IMG_2526-scaled-1.jpg 2560w, https:\/\/www.school-of-present-time.com\/wp-content\/uploads\/2025\/12\/IMG_2526-scaled-1-1280x960.jpg 1280w, https:\/\/www.school-of-present-time.com\/wp-content\/uploads\/2025\/12\/IMG_2526-scaled-1-980x735.jpg 980w, https:\/\/www.school-of-present-time.com\/wp-content\/uploads\/2025\/12\/IMG_2526-scaled-1-480x360.jpg 480w\" sizes=\"(min-width: 0px) and (max-width: 480px) 480px, (min-width: 481px) and (max-width: 980px) 980px, (min-width: 981px) and (max-width: 1280px) 1280px, (min-width: 1281px) 2560px, 100vw\" class=\"wp-image-39\" \/><\/span><\/div>\n<\/div>\n<\/div>\n<div class=\"et_pb_bottom_inside_divider et-no-transition\"><\/div><\/div>\n\n<div class=\"et_pb_section_1 et_pb_section et_section_regular et_block_section\">\n<div class=\"et_pb_row_1 et_pb_row et_block_row\">\n<div class=\"et_pb_column_2 et_pb_column et_pb_column_1_2 et_block_column et_pb_css_mix_blend_mode_passthrough\">\n<div class=\"et_pb_heading_2 et_pb_heading et_pb_module et_block_module preset--module--divi-heading--c33f07d9-41e0-421a-8799-5799df695cce\"><div class=\"et_pb_heading_container\"><h2 class=\"et_pb_module_header\">Notre mission et notre vision<\/h2><\/div><\/div>\n\n<div class=\"et_pb_text_1 et_pb_text et_pb_bg_layout_light et_pb_module et_block_module preset--module--divi-text--2c55a9c4-feed-423b-9edb-ae0b5b365cac\"><div class=\"et_pb_text_inner\"><p>Notre mission est d'accompagner chacun\u00b7e dans un cheminement de d\u00e9couverte de soi et d'harmonie int\u00e9rieure. Nous nous attachons \u00e0 lib\u00e9rer les individus des contraintes de leur pass\u00e9, leur permettant ainsi de vivre avec une conscience et une cr\u00e9ativit\u00e9 accrues. Notre vision est de cultiver une communaut\u00e9 d'individus profond\u00e9ment connect\u00e9s \u00e0 leur \u00eatre int\u00e9rieur et align\u00e9s sur une force universelle sup\u00e9rieure, contribuant ainsi \u00e0 l'av\u00e8nement d'un monde d'\u00eatres conscients et pleinement pr\u00e9sents.<\/p>\n<\/div><\/div>\n<\/div>\n\n<div class=\"et_pb_column_3 et_pb_column et_pb_column_1_2 et-last-child et_block_column et_pb_css_mix_blend_mode_passthrough\">\n<div class=\"et_pb_image_1 et_pb_image et_pb_module et_block_module preset--module--divi-image--1cc6152f-565c-4c4d-b0c9-cf8c9576c341\"><span class=\"et_pb_image_wrap\"><img loading=\"lazy\" decoding=\"async\" src=\"https:\/\/www.school-of-present-time.com\/wp-content\/uploads\/2026\/02\/Cayla-7.jpg\" title=\"Cayla 7\" width=\"768\" height=\"1024\" srcset=\"https:\/\/www.school-of-present-time.com\/wp-content\/uploads\/2026\/02\/Cayla-7.jpg 768w, https:\/\/www.school-of-present-time.com\/wp-content\/uploads\/2026\/02\/Cayla-7-480x640.jpg 480w\" sizes=\"(min-width: 0px) and (max-width: 480px) 480px, (min-width: 481px) 768px, 100vw\" class=\"wp-image-224185\" \/><\/span><\/div>\n<\/div>\n<\/div>\n<\/div>\n\n<div class=\"et_pb_section_2 et_pb_section et_section_regular et_block_section\">\n<div class=\"et_pb_row_2 et_pb_row et_pb_equal_columns et_block_row preset--module--divi-row--5138c454-be54-4233-bd3b-f8e6a8747976\">\n<div class=\"et_pb_column_4 et_pb_column et_pb_column_1_3 et_block_column et_pb_css_mix_blend_mode_passthrough preset--module--divi-column--73121f80-a3ef-4484-8763-c3f18e3c56d2\">\n<div class=\"et_pb_heading_3 et_pb_heading et_pb_module et_block_module preset--module--divi-heading--ba4a6336-701f-47b8-bf5c-09da0ce28016\"><div class=\"et_pb_heading_container\"><h3 class=\"et_pb_module_header\">Principes fondateurs<\/h3><\/div><\/div>\n\n<div class=\"et_pb_text_2 et_pb_text et_pb_bg_layout_light et_pb_module et_block_module preset--module--divi-text--2c55a9c4-feed-423b-9edb-ae0b5b365cac\"><div class=\"et_pb_text_inner\"><p>Notre approche part du corps, porte d'entr\u00e9e de la conscience, o\u00f9 le mouvement et les sensations r\u00e9v\u00e8lent des v\u00e9rit\u00e9s et des souvenirs enfouis. En revisitant et en transformant les souvenirs v\u00e9cus, nous mettons au jour les sch\u00e9mas qui fa\u00e7onnent nos exp\u00e9riences pr\u00e9sentes.<\/p>\n<\/div><\/div>\n<\/div>\n\n<div class=\"et_pb_column_5 et_pb_column et_pb_column_1_3 et_block_column et_pb_css_mix_blend_mode_passthrough preset--module--divi-column--92716280-2ae8-4a3a-8254-2d5a51101853\">\n<div class=\"et_pb_text_3 et_pb_text et_pb_bg_layout_light et_pb_module et_block_module preset--module--divi-text--0504de1e-f5ff-4281-ba60-cbbe4edf98bc\"><div class=\"et_pb_text_inner\"><p>La force du groupe est essentielle \u00e0 notre d\u00e9marche\u00a0; elle amplifie notre pr\u00e9sence et cr\u00e9e un environnement collectif propice \u00e0 l\u2019\u00e9panouissement et \u00e0 l\u2019int\u00e9gration. Ensemble, nous cultivons un espace o\u00f9 la paix int\u00e9rieure peut s\u2019\u00e9panouir, ouvrant la voie \u00e0 une connexion plus profonde avec le Divin.<\/p>\n<\/div><\/div>\n<\/div>\n\n<div class=\"et_pb_column_6 et_pb_column et_pb_column_1_3 et-last-child et_block_column et_pb_css_mix_blend_mode_passthrough preset--module--divi-column--92716280-2ae8-4a3a-8254-2d5a51101853\">\n<div class=\"et_pb_text_4 et_pb_text et_pb_bg_layout_light et_pb_module et_block_module preset--module--divi-text--0504de1e-f5ff-4281-ba60-cbbe4edf98bc\"><div class=\"et_pb_text_inner\"><p>L'int\u00e9gration est essentielle pour atteindre une pr\u00e9sence stable et naturelle, permettant \u00e0 chacun de s'aligner sur l'intelligence qui guide la vie. Nos principes soulignent l'importance de cet alignement, encourageant une relation consciente avec le Divin et une vie empreinte de sens et de direction.<\/p>\n<\/div><\/div>\n<\/div>\n<\/div>\n<\/div>\n\n<div class=\"et_pb_section_3 et_pb_section et_section_regular et_block_section\">\n<div class=\"et_pb_row_3 et_pb_row et_block_row preset--module--divi-row--5138c454-be54-4233-bd3b-f8e6a8747976\">\n<div class=\"et_pb_column_7 et_pb_column et_pb_column_4_4 et-last-child et_block_column et_pb_css_mix_blend_mode_passthrough preset--module--divi-column--73121f80-a3ef-4484-8763-c3f18e3c56d2\">\n<div class=\"et_pb_heading_4 et_pb_heading et_pb_module et_block_module preset--module--divi-heading--f0c675ea-2574-4d0e-b725-30f8550a8550\"><div class=\"et_pb_heading_container\"><h4 class=\"et_pb_module_header\">Les quatre phases de la transformation<\/h4><\/div><\/div>\n\n<div class=\"et_pb_heading_5 et_pb_heading et_pb_module et_block_module preset--module--divi-heading--ba4a6336-701f-47b8-bf5c-09da0ce28016\"><div class=\"et_pb_heading_container\"><h3 class=\"et_pb_module_header\">Notre processus structur\u00e9<\/h3><\/div><\/div>\n\n<div class=\"et_pb_text_5 et_pb_text et_pb_bg_layout_light et_pb_module et_block_module preset--module--divi-text--2c55a9c4-feed-423b-9edb-ae0b5b365cac\"><div class=\"et_pb_text_inner\"><p data-start=\"61\" data-end=\"325\">\u00c0 l'\u00c9cole du Temps Pr\u00e9sent, le chemin de la transformation se d\u00e9ploie en quatre phases interconnect\u00e9es\u00a0: Activation, R\u00e9capitulation, Int\u00e9gration et Alignement. Chaque \u00e9tape approfondit naturellement la pr\u00e9c\u00e9dente, formant un parcours coh\u00e9rent et incarn\u00e9 d'\u00e9volution int\u00e9rieure.<\/p>\n<p data-start=\"327\" data-end=\"784\">L'activation \u00e9veille le corps et aiguise l'attention gr\u00e2ce \u00e0 des mouvements d'inspiration tolt\u00e8que, cultivant l'\u00e9nergie, la pr\u00e9sence et une conscience accrue. La r\u00e9capitulation invite \u00e0 un examen conscient de son histoire personnelle, mettant en lumi\u00e8re les sch\u00e9mas r\u00e9currents et lib\u00e9rant l'\u00e9nergie emprisonn\u00e9e gr\u00e2ce \u00e0 la clart\u00e9 et \u00e0 la perspicacit\u00e9. L'int\u00e9gration suit, harmonisant les forces int\u00e9rieures\u00a0: une unification de la pens\u00e9e, de l'\u00e9motion et de l'action qui favorise la coh\u00e9rence, l'\u00e9quilibre et une compr\u00e9hension partag\u00e9e.<\/p>\n<p data-start=\"786\" data-end=\"1045\" data-is-last-node=\"\" data-is-only-node=\"\">Enfin, l'Alignement ouvre la voie \u00e0 une relation consciente avec l'Esprit \u2013 un \u00e9tat de confiance, d'imagination cr\u00e9ative et d'harmonie avec une intelligence sup\u00e9rieure. Ensemble, ces quatre phases tracent un chemin vivant vers la conscience, la libert\u00e9 et une participation active et pleine de sens \u00e0 la vie.<\/p>\n<\/div><\/div>\n<\/div>\n<\/div>\n<\/div>\n\n<div class=\"et_pb_section_4 et_pb_section et_section_regular et_block_section\">\n<div class=\"et_pb_row_4 et_pb_row et_block_row preset--module--divi-row--5138c454-be54-4233-bd3b-f8e6a8747976\">\n<div class=\"et_pb_column_8 et_pb_column et_pb_column_4_4 et-last-child et_block_column et_pb_css_mix_blend_mode_passthrough preset--module--divi-column--73121f80-a3ef-4484-8763-c3f18e3c56d2\">\n<div class=\"et_pb_heading_6 et_pb_heading et_pb_module et_block_module preset--module--divi-heading--f0c675ea-2574-4d0e-b725-30f8550a8550\"><div class=\"et_pb_heading_container\"><h4 class=\"et_pb_module_header\">Nos engagements envers vous<\/h4><\/div><\/div>\n\n<div class=\"et_pb_heading_7 et_pb_heading et_pb_module et_block_module preset--module--divi-heading--ba4a6336-701f-47b8-bf5c-09da0ce28016\"><div class=\"et_pb_heading_container\"><h3 class=\"et_pb_module_header\">D\u00e9vou\u00e9 \u00e0 l'\u00e9volution des connaissances<\/h3><\/div><\/div>\n\n<div class=\"et_pb_text_6 et_pb_text et_pb_bg_layout_light et_pb_module et_block_module preset--module--divi-text--2c55a9c4-feed-423b-9edb-ae0b5b365cac\"><div class=\"et_pb_text_inner\"><p data-start=\"62\" data-end=\"300\">L\u2019\u00c9cole du Temps Pr\u00e9sent se consacre \u00e0 la transmission claire, respectueuse et \u00e9volutive du savoir. Nous cultivons un cadre non dogmatique qui honore la tradition tout en restant ouvert \u00e0 l\u2019innovation et aux perspectives contemporaines.<\/p>\n<p data-start=\"302\" data-end=\"603\">Notre p\u00e9dagogie reconna\u00eet le caract\u00e8re unique de chaque individu, permettant \u00e0 chacun de progresser \u00e0 son propre rythme dans un environnement fond\u00e9 sur l'int\u00e9grit\u00e9, le discernement et la responsabilit\u00e9 personnelle. Nous explorons sans imposer, et nous guidons sans contr\u00f4ler, favorisant l'autonomie plut\u00f4t que la d\u00e9pendance.<\/p>\n<\/div><\/div>\n<\/div>\n<\/div>\n<\/div>\n\n<div class=\"et_pb_section_5 et_pb_section et_section_regular et_block_section\">\n<div class=\"et_pb_row_5 et_pb_row et_block_row preset--module--divi-row--5138c454-be54-4233-bd3b-f8e6a8747976\">\n<div class=\"et_pb_column_9 et_pb_column et_pb_column_4_4 et-last-child et_block_column et_pb_css_mix_blend_mode_passthrough preset--module--divi-column--73121f80-a3ef-4484-8763-c3f18e3c56d2\">\n<div class=\"et_pb_heading_8 et_pb_heading et_pb_module et_block_module preset--module--divi-heading--f0c675ea-2574-4d0e-b725-30f8550a8550\"><div class=\"et_pb_heading_container\"><h4 class=\"et_pb_module_header\">Vision de l'\u00e9cole<\/h4><\/div><\/div>\n\n<div class=\"et_pb_heading_9 et_pb_heading et_pb_module et_block_module preset--module--divi-heading--c33f07d9-41e0-421a-8799-5799df695cce\"><div class=\"et_pb_heading_container\"><h2 class=\"et_pb_module_header\">Intention directrice<\/h2><\/div><\/div>\n<\/div>\n<\/div>\n\n<div class=\"et_pb_row_6 et_pb_row et_block_row preset--module--divi-row--5138c454-be54-4233-bd3b-f8e6a8747976\">\n<div class=\"et_pb_column_10 et_pb_column et_pb_column_1_2 et_block_column et_pb_css_mix_blend_mode_passthrough preset--module--divi-column--73121f80-a3ef-4484-8763-c3f18e3c56d2\">\n<div class=\"et_pb_text_7 et_pb_text et_pb_bg_layout_light et_pb_module et_block_module preset--module--divi-text--2c55a9c4-feed-423b-9edb-ae0b5b365cac\"><div class=\"et_pb_text_inner\"><p>L\u2019\u00c9cole du Temps Pr\u00e9sent a pour vocation de cultiver la libert\u00e9 int\u00e9rieure et d\u2019\u00e9lever la conscience humaine. Notre travail s\u2019inspire de la sagesse de celles et ceux qui, \u00e0 travers l\u2019histoire, ont \u00e9largi la perception et incarn\u00e9 une pr\u00e9sence profonde. Nous cherchons \u00e0 honorer cet h\u00e9ritage en le rendant pertinent et accessible dans la vie contemporaine.<\/p>\n<\/div><\/div>\n<\/div>\n\n<div class=\"et_pb_column_11 et_pb_column et_pb_column_1_2 et-last-child et_block_column et_pb_css_mix_blend_mode_passthrough preset--module--divi-column--73121f80-a3ef-4484-8763-c3f18e3c56d2\">\n<div class=\"et_pb_text_8 et_pb_text et_pb_bg_layout_light et_pb_module et_block_module preset--module--divi-text--2c55a9c4-feed-423b-9edb-ae0b5b365cac\"><div class=\"et_pb_text_inner\"><p>En traduisant des principes intemporels en exp\u00e9riences concr\u00e8tes, nous cr\u00e9ons un espace o\u00f9 chacun peut explorer son potentiel, approfondir sa conscience et se reconnecter \u00e0 une force sup\u00e9rieure qui anime toute vie. Fid\u00e8les \u00e0 cette intention profonde, nous cultivons une communaut\u00e9 ancr\u00e9e dans la pr\u00e9sence, la cr\u00e9ativit\u00e9 et une relation consciente \u00e0 l'existence.<\/p>\n<\/div><\/div>\n<\/div>\n<\/div>\n<\/div>\n\n<div class=\"et_pb_section_6 et_pb_section et_section_regular et_block_section\">\n<div class=\"et_pb_row_7 et_pb_row et_block_row\">\n<div class=\"et_pb_column_12 et_pb_column et_pb_column_1_3 et_block_column et_pb_css_mix_blend_mode_passthrough\">\n<div class=\"et_pb_image_2 et_pb_image et_pb_module et_block_module preset--module--divi-image--1cc6152f-565c-4c4d-b0c9-cf8c9576c341\"><span class=\"et_pb_image_wrap\"><img loading=\"lazy\" decoding=\"async\" src=\"https:\/\/www.school-of-present-time.com\/wp-content\/uploads\/2025\/12\/CARTES-ATELIR-4-scaled.jpg\" title=\"CARTES ATELIR 4\" width=\"1920\" height=\"2560\" srcset=\"https:\/\/www.school-of-present-time.com\/wp-content\/uploads\/2025\/12\/CARTES-ATELIR-4-scaled.jpg 1920w, https:\/\/www.school-of-present-time.com\/wp-content\/uploads\/2025\/12\/CARTES-ATELIR-4-1280x1707.jpg 1280w, https:\/\/www.school-of-present-time.com\/wp-content\/uploads\/2025\/12\/CARTES-ATELIR-4-980x1307.jpg 980w, https:\/\/www.school-of-present-time.com\/wp-content\/uploads\/2025\/12\/CARTES-ATELIR-4-480x640.jpg 480w\" sizes=\"(min-width: 0px) and (max-width: 480px) 480px, (min-width: 481px) and (max-width: 980px) 980px, (min-width: 981px) and (max-width: 1280px) 1280px, (min-width: 1281px) 1920px, 100vw\" class=\"wp-image-223732\" \/><\/span><\/div>\n<\/div>\n\n<div class=\"et_pb_column_13 et_pb_column et_pb_column_2_3 et-last-child et_block_column et_pb_css_mix_blend_mode_passthrough\">\n<div class=\"et_pb_heading_10 et_pb_heading et_pb_module et_block_module preset--module--divi-heading--ba4a6336-701f-47b8-bf5c-09da0ce28016\"><div class=\"et_pb_heading_container\"><h3 class=\"et_pb_module_header\">Guilhem Morera<\/h3><\/div><\/div>\n\n<div class=\"et_pb_text_9 et_pb_text et_pb_bg_layout_light et_pb_module et_block_module\"><div class=\"et_pb_text_inner\"><p data-start=\"72\" data-end=\"369\">Guilhem Morera est le fondateur de l'\u00c9cole du Temps Pr\u00e9sent, un espace de transformation d\u00e9di\u00e9 \u00e0 la croissance int\u00e9rieure, \u00e0 la conscience et \u00e0 l'\u00e9volution consciente. S'appuyant sur les pratiques traditionnelles et les approches modernes, il fait le lien entre la sagesse ancestrale et les besoins et d\u00e9fis de la vie contemporaine.<\/p>\n<p data-start=\"371\" data-end=\"605\">Son parcours a d\u00e9but\u00e9 par un int\u00e9r\u00eat profond pour le travail de <span class=\"hover:entity-accent entity-underline inline cursor-pointer align-baseline\"><span class=\"whitespace-normal\">Carlos Castaneda<\/span><\/span>Il a \u00e9t\u00e9 form\u00e9 pendant dix ans \u00e0 Los Angeles sous la direction des apprentis de Castaneda, et <span class=\"hover:entity-accent entity-underline inline cursor-pointer align-baseline\"><span class=\"whitespace-normal\">Carol Tiggs<\/span><\/span>.<\/p>\n<p data-start=\"607\" data-end=\"807\">\u00c0 son retour en France, il a anim\u00e9 des ateliers et des cours dans toute l'Europe pour <span class=\"hover:entity-accent entity-underline inline cursor-pointer align-baseline\"><span class=\"whitespace-normal\">Cleargreen<\/span><\/span>l'organisation fond\u00e9e par Carlos Castaneda pour pr\u00e9server et transmettre ses enseignements.<\/p>\n<p data-start=\"809\" data-end=\"1005\">Il a par la suite fond\u00e9 l\u2019\u00c9cole du Temps Pr\u00e9sent afin de continuer \u00e0 explorer, partager et d\u00e9velopper l\u2019h\u00e9ritage de l\u2019\u0153uvre de Castaneda, cr\u00e9ant ainsi un cadre vivant pour la pratique, la recherche et l\u2019exp\u00e9rience directe.<\/p>\n<\/div><\/div>\n\n<div class=\"et_pb_module et_pb_button_module_wrapper et_pb_button_0_wrapper preset--module--divi-button--1bffc0fc-42a0-49d1-bd9a-ae3ade2d7206_wrapper\"><a class=\"et_pb_button_0 et_pb_button et_pb_bg_layout_light et_pb_module et_block_module preset--module--divi-button--1bffc0fc-42a0-49d1-bd9a-ae3ade2d7206\" href=\"https:\/\/www.school-of-present-time.com\/fr\/guilhem-morera\/\">En savoir plus sur Guilhem<\/a><\/div>\n<\/div>\n<\/div>\n<\/div>\n\n<div class=\"et_pb_section_7 et_pb_section et_section_regular et_block_section\">\n<div class=\"et_pb_row_8 et_pb_row et_flex_row\">\n<div class=\"et_pb_column_14 et_pb_column et_flex_column et_pb_css_mix_blend_mode_passthrough et_flex_column_3_5 et_flex_column_3_5_tablet et_flex_column_24_24_phone\">\n<div class=\"et_pb_heading_11 et_pb_heading et_pb_module et_block_module preset--module--divi-heading--ba4a6336-701f-47b8-bf5c-09da0ce28016\"><div class=\"et_pb_heading_container\"><h3 class=\"et_pb_module_header\">\u00c0 PROPOS DE CARLOS CASTANEDA<\/h3><\/div><\/div>\n\n<div class=\"et_pb_text_10 et_pb_text et_pb_bg_layout_light et_pb_module et_flex_module\"><div class=\"et_pb_text_inner\"><p>Carlos<strong> Castaneda<\/strong> \u00e9tait un anthropologue am\u00e9ricain d'origine sud-am\u00e9ricaine, devenu c\u00e9l\u00e8bre pour ses douze livres d\u00e9crivant sa rencontre avec un chaman mexicain. <strong>Don Juan Matus<\/strong>.<\/p>\n<p>Dans ses \u00e9crits, Castaneda relate les enseignements qu'il a re\u00e7us d'un groupe de voyants appartenant \u00e0 une ancienne lign\u00e9e de sages, hommes et femmes, dont l'histoire remonterait \u00e0 seize g\u00e9n\u00e9rations. \u00c0 travers cet apprentissage, il d\u00e9crit une transformation radicale de sa perception de lui-m\u00eame et du monde qui l'entoure. Ce qui avait commenc\u00e9 comme une recherche acad\u00e9mique s'est peu \u00e0 peu mu\u00e9 en un profond voyage int\u00e9rieur qui a remis en question sa conception rationnelle et occidentale de la r\u00e9alit\u00e9.<\/p>\n<p>Les livres de Castaneda ont ouvert une fen\u00eatre sur le monde m\u00e9connu des anciens Tolt\u00e8ques et leur vision de l'univers et de la conscience. Ils explorent comment les habitants du Mexique ancien \u2014 les b\u00e2tisseurs de centres c\u00e9r\u00e9moniels tels que <strong>Tula<\/strong>, <strong>Teotihuacan<\/strong>, <strong>Chichen Itza<\/strong>et <strong>Monte Alban<\/strong> \u2014 concevzient l'\u00e9nergie, la perception et la conscience.<\/p>\n<p>Son \u0153uvre a influenc\u00e9 plusieurs g\u00e9n\u00e9rations de lecteurs et inspir\u00e9 des personnalit\u00e9s publiques telles que Georges Lukas, les Wachowski et Oliver Stone.<\/p>\n<p>Vers la fin de sa vie, Castaneda, avec trois femmes qui avaient \u00e9galement suivi les enseignements de Don Juan, a mis au point une pratique bas\u00e9e sur des mouvements et des techniques de respiration sp\u00e9cifiques, destin\u00e9e \u00e0 diffuser leur savoir. Apr\u00e8s sa mort en 1998, un groupe de praticiens qu'il avait form\u00e9s a continu\u00e9 \u00e0 perfectionner et \u00e0 transmettre cet enseignement sous la direction de Carol Tiggs.<\/p>\n<\/div><\/div>\n<\/div>\n\n<div class=\"et_pb_column_15 et_pb_column et-last-child et_flex_column et_pb_css_mix_blend_mode_passthrough et_flex_column_2_5 et_flex_column_2_5_tablet et_flex_column_24_24_phone\">\n<div class=\"et_pb_text_11 et_pb_text et_pb_bg_layout_light et_pb_module et_block_module\"><div class=\"et_pb_text_inner\"><h2><\/h2>\n<p>&nbsp;<\/p>\n<p><img decoding=\"async\" src=\"https:\/\/m.media-amazon.com\/images\/I\/8167TKe-WkL._AC_UF894%2C1000_QL80_.jpg\" alt=\"Image\" \/><\/p>\n<\/div><\/div>\n<\/div>\n<\/div>\n<\/div>\n\n<div class=\"et_pb_section_8 et_pb_section et_section_regular et_block_section\">\n<div class=\"et_pb_row_9 et_pb_row et_block_row preset--module--divi-row--5138c454-be54-4233-bd3b-f8e6a8747976\">\n<div class=\"et_pb_column_16 et_pb_column et_pb_column_4_4 et-last-child et_block_column et_pb_css_mix_blend_mode_passthrough preset--module--divi-column--73121f80-a3ef-4484-8763-c3f18e3c56d2\">\n<div class=\"et_pb_cta_0 et_pb_promo et_pb_bg_layout_dark et_pb_module et_block_module preset--module--divi-cta--0cae81ab-7223-4b50-8e71-bfb309c58c86\"><div class=\"et_pb_promo_description\"><h2 class=\"et_pb_module_header\">Rejoignez l'\u00c9cole du temps pr\u00e9sent<\/h2><div class=\"et_pb_promo_content\"><p>Embarquez pour un voyage de d\u00e9couverte de soi et de transformation avec l'\u00c9cole du Temps Pr\u00e9sent. Nos programmes sont con\u00e7us pour vous aider \u00e0 vous reconnecter profond\u00e9ment \u00e0 votre \u00eatre v\u00e9ritable, \u00e0 d\u00e9velopper votre conscience et \u00e0 vivre avec plus de libert\u00e9 et de cr\u00e9ativit\u00e9. Que vous souhaitiez clarifier votre chemin de vie, vous lib\u00e9rer de sch\u00e9mas limitants ou simplement \u00eatre plus pr\u00e9sent, nous vous invitons \u00e0 d\u00e9couvrir nos offres. Rejoignez une communaut\u00e9 engag\u00e9e dans le d\u00e9veloppement personnel et la pr\u00e9sence collective. Faites d\u00e8s aujourd'hui le premier pas vers une vie plus consciente et connect\u00e9e.<\/p>\n<\/div><\/div><div class=\"et_pb_button_wrapper\"><a class=\"et_pb_button et_pb_promo_button\" href=\"#\">Impliquez-vous<\/a><\/div><\/div>\n<\/div>\n<\/div>\n<\/div>","protected":false},"excerpt":{"rendered":"","protected":false},"author":1,"featured_media":0,"parent":0,"menu_order":0,"comment_status":"closed","ping_status":"closed","template":"","meta":{"footnotes":""},"class_list":["post-224181","page","type-page","status-publish","hentry"],"_links":{"self":[{"href":"https:\/\/www.school-of-present-time.com\/fr\/wp-json\/wp\/v2\/pages\/224181","targetHints":{"allow":["GET"]}}],"collection":[{"href":"https:\/\/www.school-of-present-time.com\/fr\/wp-json\/wp\/v2\/pages"}],"about":[{"href":"https:\/\/www.school-of-present-time.com\/fr\/wp-json\/wp\/v2\/types\/page"}],"author":[{"embeddable":true,"href":"https:\/\/www.school-of-present-time.com\/fr\/wp-json\/wp\/v2\/users\/1"}],"replies":[{"embeddable":true,"href":"https:\/\/www.school-of-present-time.com\/fr\/wp-json\/wp\/v2\/comments?post=224181"}],"version-history":[{"count":2,"href":"https:\/\/www.school-of-present-time.com\/fr\/wp-json\/wp\/v2\/pages\/224181\/revisions"}],"predecessor-version":[{"id":224192,"href":"https:\/\/www.school-of-present-time.com\/fr\/wp-json\/wp\/v2\/pages\/224181\/revisions\/224192"}],"wp:attachment":[{"href":"https:\/\/www.school-of-present-time.com\/fr\/wp-json\/wp\/v2\/media?parent=224181"}],"curies":[{"name":"wp","href":"https:\/\/api.w.org\/{rel}","templated":true}]}}